{"id":11,"date":"2025-03-02T16:30:25","date_gmt":"2025-03-02T16:30:25","guid":{"rendered":"https:\/\/krakow.odwazni.pl\/?page_id=11"},"modified":"2025-03-03T18:40:32","modified_gmt":"2025-03-03T18:40:32","slug":"nieidealny-mezczyzna","status":"publish","type":"page","link":"https:\/\/krakow.odwazni.pl\/","title":{"rendered":"(nie)Idealny m\u0119\u017cczyzna"},"content":{"rendered":"<p>[et_pb_section fb_built=&#8221;1&#8243; fullwidth=&#8221;on&#8221; _builder_version=&#8221;4.27.4&#8243; _module_preset=&#8221;default&#8221; global_colors_info=&#8221;{}&#8221;][et_pb_fullwidth_image src=&#8221;http:\/\/krakow.odwazni.pl\/wp-content\/uploads\/2025\/03\/Director-Portfolio-Portfolio-Website-in-Black-and-White-Grey-Minimalist-Style-3.png&#8221; title_text=&#8221;Director Portfolio Portfolio Website in Black and White Grey Minimalist Style (3)&#8221; _builder_version=&#8221;4.27.4&#8243; _module_preset=&#8221;default&#8221; global_colors_info=&#8221;{}&#8221;][\/et_pb_fullwidth_image][\/et_pb_section][et_pb_section fb_built=&#8221;1&#8243; _builder_version=&#8221;4.27.4&#8243; _module_preset=&#8221;default&#8221; background_color=&#8221;#c8b8a5&#8243; min_height=&#8221;272px&#8221; custom_padding=&#8221;0px||0px|||&#8221; global_colors_info=&#8221;{}&#8221;][et_pb_row _builder_version=&#8221;4.27.4&#8243; _module_preset=&#8221;default&#8221; global_colors_info=&#8221;{}&#8221;][et_pb_column type=&#8221;4_4&#8243; _builder_version=&#8221;4.27.4&#8243; _module_preset=&#8221;default&#8221; global_colors_info=&#8221;{}&#8221;][et_pb_text _builder_version=&#8221;4.27.4&#8243; _module_preset=&#8221;default&#8221; text_text_color=&#8221;#000000&#8243; text_font_size=&#8221;20px&#8221; text_line_height=&#8221;0.9em&#8221; text_text_shadow_style=&#8221;preset1&#8243; global_colors_info=&#8221;{}&#8221;]<\/p>\n<p class=\"cvGsUA align-center para-style-body direction-ltr\" style=\"text-align: center;\"><strong><span class=\"OYPEnA font-feature-liga-off font-feature-clig-off font-feature-calt-off text-decoration-none text-strikethrough-none\">19.03.2025<\/span><\/strong><\/p>\n<p class=\"cvGsUA align-center para-style-body direction-ltr\" style=\"text-align: center;\"><span class=\"OYPEnA font-feature-liga-off font-feature-clig-off font-feature-calt-off text-decoration-none text-strikethrough-none\">Ko\u015bci\u00f3\u0142 Przemienienia Pa\u0144skiego, <\/span><span class=\"OYPEnA font-feature-liga-off font-feature-clig-off font-feature-calt-off text-decoration-none text-strikethrough-none\">Krak\u00f3w, ul. Pijarska 2<\/span><\/p>\n<p class=\"cvGsUA direction-ltr align-center para-style-body\" style=\"text-align: center;\"><span class=\"OYPEnA font-feature-liga-off font-feature-clig-off font-feature-calt-off text-decoration-none text-strikethrough-none\"><\/span><\/p>\n<p class=\"cvGsUA direction-ltr align-center para-style-body\" style=\"text-align: center;\"><span class=\"OYPEnA font-feature-liga-off font-feature-clig-off font-feature-calt-off text-decoration-none text-strikethrough-none\">Plan spotkania:<\/span><span class=\"OYPEnA font-feature-liga-off font-feature-clig-off font-feature-calt-off text-decoration-none text-strikethrough-none\"><\/span><\/p>\n<p class=\"cvGsUA direction-ltr align-center para-style-body\" style=\"text-align: center;\"><strong><span class=\"OYPEnA font-feature-liga-off font-feature-clig-off font-feature-calt-off text-decoration-none text-strikethrough-none\">19:30 <\/span><\/strong><span class=\"OYPEnA font-feature-liga-off font-feature-clig-off font-feature-calt-off text-decoration-none text-strikethrough-none\">&#8211; Adoracja<\/span><\/p>\n<p class=\"cvGsUA direction-ltr align-center para-style-body\" style=\"text-align: center;\"><strong><span class=\"OYPEnA font-feature-liga-off font-feature-clig-off font-feature-calt-off text-decoration-none text-strikethrough-none\">20:00 <\/span><\/strong><span class=\"OYPEnA font-feature-liga-off font-feature-clig-off font-feature-calt-off text-decoration-none text-strikethrough-none\">Msza \u015bwi\u0119ta<\/span><\/p>\n<p class=\"cvGsUA direction-ltr align-center para-style-body\" style=\"text-align: center;\"><strong><span class=\"OYPEnA font-feature-liga-off font-feature-clig-off font-feature-calt-off text-decoration-none text-strikethrough-none\">20:45 <\/span><\/strong><span class=\"OYPEnA font-feature-liga-off font-feature-clig-off font-feature-calt-off text-decoration-none text-strikethrough-none\">Konferencja (nie)Idealny m\u0119\u017cczyzna<\/span><\/p>\n<p class=\"cvGsUA direction-ltr align-center para-style-body\" style=\"text-align: center;\">\n<p>[\/et_pb_text][\/et_pb_column][\/et_pb_row][\/et_pb_section][et_pb_section fb_built=&#8221;1&#8243; _builder_version=&#8221;4.27.4&#8243; _module_preset=&#8221;default&#8221; custom_padding=&#8221;0px|||||&#8221; global_colors_info=&#8221;{}&#8221;][et_pb_row _builder_version=&#8221;4.27.4&#8243; _module_preset=&#8221;default&#8221; custom_padding=&#8221;4px||0px|||&#8221; global_colors_info=&#8221;{}&#8221;][et_pb_column type=&#8221;4_4&#8243; _builder_version=&#8221;4.27.4&#8243; _module_preset=&#8221;default&#8221; global_colors_info=&#8221;{}&#8221;][et_pb_button button_url=&#8221;https:\/\/forms.gle\/yvpeySxs4tFKoWbM6&#8243; url_new_window=&#8221;on&#8221; button_text=&#8221;ZAPISZ SI\u0118!&#8221; button_alignment=&#8221;center&#8221; _builder_version=&#8221;4.27.4&#8243; _module_preset=&#8221;default&#8221; custom_button=&#8221;on&#8221; button_text_size=&#8221;25px&#8221; button_text_color=&#8221;#E02B20&#8243; custom_margin=&#8221;5px||-11px|||&#8221; hover_enabled=&#8221;0&#8243; global_colors_info=&#8221;{}&#8221; sticky_enabled=&#8221;0&#8243;][\/et_pb_button][\/et_pb_column][\/et_pb_row][\/et_pb_section][et_pb_section fb_built=&#8221;1&#8243; _builder_version=&#8221;4.27.4&#8243; _module_preset=&#8221;default&#8221; background_color=&#8221;#64353a&#8221; min_height=&#8221;225.8px&#8221; custom_margin=&#8221;-38px|||||&#8221; custom_padding=&#8221;0px||0px|||&#8221; global_colors_info=&#8221;{}&#8221;][et_pb_row _builder_version=&#8221;4.27.4&#8243; _module_preset=&#8221;default&#8221; custom_margin=&#8221;7px|auto||auto||&#8221; custom_padding=&#8221;0px||0px|||&#8221; global_colors_info=&#8221;{}&#8221;][et_pb_column type=&#8221;4_4&#8243; _builder_version=&#8221;4.27.4&#8243; _module_preset=&#8221;default&#8221; global_colors_info=&#8221;{}&#8221;][et_pb_cta button_text=&#8221;Klikni\u0119cia&#8221; _builder_version=&#8221;4.27.4&#8243; _module_preset=&#8221;default&#8221; body_font_size=&#8221;16px&#8221; background_color=&#8221;#64353a&#8221; global_colors_info=&#8221;{}&#8221;]<\/p>\n<blockquote>\n<p class=\"cvGsUA direction-ltr align-center para-style-body\"><span class=\"OYPEnA font-feature-liga-off font-feature-clig-off font-feature-calt-off text-decoration-none text-strikethrough-none\">Czy\u017c nie jest raczej postem, kt\u00f3ry Ja wybieram: rozerwa\u0107 kajdany z\u0142a, rozwi\u0105za\u0107 wi\u0119zy niewoli, wypu\u015bci\u0107 na wolno\u015b\u0107 uci\u015bnionych i wszelkie jarzmo po\u0142ama\u0107; dzieli\u0107 sw\u00f3j chleb z g\u0142odnym, do domu wprowadzi\u0107 biednych tu\u0142aczy, nagiego, kt\u00f3rego ujrzysz, przyodzia\u0107 i nie odwr\u00f3ci\u0107 si\u0119 od wsp\u00f3\u0142ziomk\u00f3w.<br \/><strong>Wtedy twoje \u015bwiat\u0142o wzejdzie jak zorza i szybko rozkwitnie twe zdrowie. Sprawiedliwo\u015b\u0107 twoja poprzedza\u0107 ci\u0119 b\u0119dzie, chwa\u0142a Pa\u0144ska i\u015b\u0107 b\u0119dzie za tob\u0105.<\/strong><\/span><span class=\"OYPEnA font-feature-liga-off font-feature-clig-off font-feature-calt-off text-decoration-none text-strikethrough-none white-space-prewrap\"> <\/span><\/p>\n<p class=\"cvGsUA direction-ltr align-center para-style-body\"><span class=\"OYPEnA font-feature-liga-off font-feature-clig-off font-feature-calt-off text-decoration-none text-strikethrough-none\">Wtedy zawo\u0142asz, a Pan odpowie, wezwiesz pomocy, a On rzeknie: <\/span><strong><span class=\"OYPEnA font-feature-liga-off font-feature-clig-off font-feature-calt-off text-decoration-none text-strikethrough-none\">\u201eOto jestem!\u201d<\/span><\/strong><\/p>\n<\/blockquote>\n<p>[\/et_pb_cta][\/et_pb_column][\/et_pb_row][\/et_pb_section][et_pb_section fb_built=&#8221;1&#8243; _builder_version=&#8221;4.27.4&#8243; _module_preset=&#8221;default&#8221; custom_padding=&#8221;2px|||||&#8221; global_colors_info=&#8221;{}&#8221;][et_pb_row _builder_version=&#8221;4.27.4&#8243; _module_preset=&#8221;default&#8221; global_colors_info=&#8221;{}&#8221;][et_pb_column type=&#8221;4_4&#8243; _builder_version=&#8221;4.27.4&#8243; _module_preset=&#8221;default&#8221; global_colors_info=&#8221;{}&#8221;][et_pb_heading title=&#8221;Nie zmarnuj \u015bwi\u0119tego czasu Wielkiego Postu!&#8221; _builder_version=&#8221;4.27.4&#8243; _module_preset=&#8221;default&#8221; title_text_align=&#8221;center&#8221; text_shadow_style=&#8221;preset1&#8243; text_shadow_color=&#8221;#64353a&#8221; global_colors_info=&#8221;{}&#8221;][\/et_pb_heading][\/et_pb_column][\/et_pb_row][et_pb_row _builder_version=&#8221;4.27.4&#8243; _module_preset=&#8221;default&#8221; global_colors_info=&#8221;{}&#8221;][et_pb_column type=&#8221;4_4&#8243; _builder_version=&#8221;4.27.4&#8243; _module_preset=&#8221;default&#8221; global_colors_info=&#8221;{}&#8221;][et_pb_text _builder_version=&#8221;4.27.4&#8243; _module_preset=&#8221;default&#8221; custom_padding=&#8221;||0px|||&#8221; global_colors_info=&#8221;{}&#8221;]<\/p>\n<ul>\n<li>\n<h4>pragniesz stawa\u0107 si\u0119 lepszy, jednak ci\u0105gle czujesz, \u017ce nie jeste\u015b wystarczaj\u0105co dobry?<\/h4>\n<\/li>\n<li>\n<h4>dostrzegasz, \u017ce brakuje Ci ostatnio si\u0142y do dzia\u0142ania z moc\u0105?<\/h4>\n<\/li>\n<li>\n<h4>borykasz si\u0119 ze swoj\u0105 s\u0142abo\u015bci\u0105, strachem i oczekiwaniami \u015bwiata?<\/h4>\n<\/li>\n<li>\n<h4>pragniesz zajrze\u0107 w g\u0142\u0105b siebie i rozliczy\u0107 si\u0119 z trudnymi emocjami?<\/h4>\n<\/li>\n<li>\n<h4>chcesz nabra\u0107 nowych, duchowych si\u0142 i dokona\u0107 korekty kursu w kluczowych przestrzeniach \u017cycia?<\/h4>\n<\/li>\n<li>\n<h4>zale\u017cy Ci na jak najlepszym wykorzystaniu czasu Wielkiego Postu i dobrym przygotowaniu si\u0119 do \u015awi\u0105t Wielkanocnych?<\/h4>\n<\/li>\n<\/ul>\n<p>[\/et_pb_text][\/et_pb_column][\/et_pb_row][et_pb_row _builder_version=&#8221;4.27.4&#8243; _module_preset=&#8221;default&#8221; custom_padding=&#8221;0px||0px|||&#8221; global_colors_info=&#8221;{}&#8221;][et_pb_column type=&#8221;4_4&#8243; _builder_version=&#8221;4.27.4&#8243; _module_preset=&#8221;default&#8221; global_colors_info=&#8221;{}&#8221;][et_pb_button button_url=&#8221;https:\/\/forms.gle\/yvpeySxs4tFKoWbM6&#8243; url_new_window=&#8221;on&#8221; button_text=&#8221;Chc\u0119 wzi\u0105\u0107 udzia\u0142 w rekolekcjach! &#8221; button_alignment=&#8221;center&#8221; _builder_version=&#8221;4.27.4&#8243; _module_preset=&#8221;default&#8221; custom_button=&#8221;on&#8221; button_text_color=&#8221;#FFFFFF&#8221; hover_enabled=&#8221;0&#8243; global_colors_info=&#8221;{}&#8221; button_text_size=&#8221;23px&#8221; button_icon=&#8221;&#x45;||divi||400&#8243; button_bg_color=&#8221;#E02B20&#8243; button_bg_enable_color=&#8221;on&#8221; button_border_color=&#8221;#FFFFFF&#8221; button_icon_color=&#8221;#FFFFFF&#8221; sticky_enabled=&#8221;0&#8243;][\/et_pb_button][\/et_pb_column][\/et_pb_row][\/et_pb_section][et_pb_section fb_built=&#8221;1&#8243; _builder_version=&#8221;4.27.4&#8243; _module_preset=&#8221;default&#8221; background_color=&#8221;#c8b8a5&#8243; global_colors_info=&#8221;{}&#8221;][et_pb_row _builder_version=&#8221;4.27.4&#8243; _module_preset=&#8221;default&#8221; custom_padding=&#8221;0px||0px|||&#8221; global_colors_info=&#8221;{}&#8221;][et_pb_column type=&#8221;4_4&#8243; _builder_version=&#8221;4.27.4&#8243; _module_preset=&#8221;default&#8221; global_colors_info=&#8221;{}&#8221;][et_pb_team_member name=&#8221;M\u00f3wca: Szymon Wilkowski&#8221; image_url=&#8221;http:\/\/krakow.odwazni.pl\/wp-content\/uploads\/2025\/03\/Szymon.jpg&#8221; _builder_version=&#8221;4.27.4&#8243; _module_preset=&#8221;default&#8221; header_level=&#8221;h2&#8243; body_text_color=&#8221;#000000&#8243; body_font_size=&#8221;18px&#8221; position_text_color=&#8221;#000000&#8243; text_orientation=&#8221;justified&#8221; width=&#8221;80%&#8221; module_alignment=&#8221;center&#8221; border_radii_image=&#8221;on|10px|10px|10px|10px&#8221; box_shadow_style_image=&#8221;preset2&#8243; global_colors_info=&#8221;{}&#8221;]<\/p>\n<p class=\"p1\">Lider Drogi Odwa\u017cnych w pos\u0142udze nauczycielskiej. Introwertyk kochaj\u0105cy wyst\u0105pienia publiczne, kt\u00f3ry <br \/>we wsp\u00f3lnocie odkry\u0142 swoj\u0105 pasj\u0119 do inspirowania m\u0119\u017cczyzn do zmiany, wzrostu i brania odpowiedzialno\u015bci za swoje \u017cycie. Domator uwielbiaj\u0105cy spacery, wycieczki i podr\u00f3\u017ce. Posiada licencj\u0119 przewodnika g\u00f3rskiego i cho\u0107 nie praktykuje tego zawodowo, to cz\u0119sto mo\u017cna spotka\u0107 go z rodzin\u0105 na beskidzkich szlakach lub bazach namiotowych. Ciekawy \u015bwiata, pe\u0142en zachwytu nad dzie\u0142em stworzenia. <br \/>S\u0142uchacz i obserwator, kt\u00f3ry zawsze stara si\u0119 zrozumie\u0107 drug\u0105 stron\u0119, pewnie dlatego, \u017ce urodzi\u0142 si\u0119 i wychowa\u0142 na pograniczu \u015bl\u0105sko-zag\u0142\u0119biowskim, posiadaj\u0105c korzenie po obu stronach \u201cgranicy\u201d.<\/p>\n<p class=\"p1\">Kontakt: <a href=\"mailto:sz.wilkowski@odwazni.pl\"><span class=\"s1\">sz.wilkowski@odwazni.pl<\/span><\/a><\/p>\n<p>[\/et_pb_team_member][\/et_pb_column][\/et_pb_row][\/et_pb_section][et_pb_section fb_built=&#8221;1&#8243; _builder_version=&#8221;4.27.4&#8243; _module_preset=&#8221;default&#8221; global_colors_info=&#8221;{}&#8221;][et_pb_row column_structure=&#8221;1_2,1_2&#8243; _builder_version=&#8221;4.27.4&#8243; _module_preset=&#8221;default&#8221; global_colors_info=&#8221;{}&#8221;][et_pb_column type=&#8221;1_2&#8243; _builder_version=&#8221;4.27.4&#8243; _module_preset=&#8221;default&#8221; global_colors_info=&#8221;{}&#8221;][et_pb_image src=&#8221;http:\/\/krakow.odwazni.pl\/wp-content\/uploads\/2025\/03\/Projekt-bez-nazwy-7.png&#8221; title_text=&#8221;Projekt bez nazwy (7)&#8221; _builder_version=&#8221;4.27.4&#8243; _module_preset=&#8221;default&#8221; global_colors_info=&#8221;{}&#8221;][\/et_pb_image][\/et_pb_column][et_pb_column type=&#8221;1_2&#8243; _builder_version=&#8221;4.27.4&#8243; _module_preset=&#8221;default&#8221; global_colors_info=&#8221;{}&#8221;][et_pb_text _builder_version=&#8221;4.27.4&#8243; _module_preset=&#8221;default&#8221; global_colors_info=&#8221;{}&#8221;]<\/p>\n<p><strong>DROGA ODWA\u017bNYCH<\/strong><span>\u00a0narodzi\u0142a si\u0119 w Ko\u015bciele Katolickim jako Ruch s\u0142u\u017c\u0105cy dw\u00f3m celom: formacji m\u0119\u017cczyzn poprzez przygotowanie ich do owocnego realizowania powo\u0142ania w danym stanie (m\u0119\u017cowie, ojcowie, kap\u0142ani, zakonnicy) oraz tworzenia \u015brodowiska wzrostu poprzez do\u015bwiadczenie braterstwa, wymiany do\u015bwiadcze\u0144 i s\u0142u\u017cby Panu. Szczeg\u00f3lnym charyzmatem Ruchu jest budzenie Bo\u017cych Przyw\u00f3dc\u00f3w czyli realizowanie idea\u0142u s\u0142u\u017cebnego przyw\u00f3dztwa. Formacja jest realizowana w trzech obszarach: rozw\u00f3j duchowy, rozw\u00f3j fizyczny i rozw\u00f3j osobowy.<\/span><\/p>\n<p>[\/et_pb_text][\/et_pb_column][\/et_pb_row][\/et_pb_section]<\/p>\n","protected":false},"excerpt":{"rendered":"<p>19.03.2025 Ko\u015bci\u00f3\u0142 Przemienienia Pa\u0144skiego, Krak\u00f3w, ul. Pijarska 2 Plan spotkania: 19:30 &#8211; Adoracja 20:00 Msza \u015bwi\u0119ta 20:45 Konferencja (nie)Idealny m\u0119\u017cczyzna Czy\u017c nie jest raczej postem, kt\u00f3ry Ja wybieram: rozerwa\u0107 kajdany z\u0142a, rozwi\u0105za\u0107 wi\u0119zy niewoli, wypu\u015bci\u0107 na wolno\u015b\u0107 uci\u015bnionych i wszelkie jarzmo po\u0142ama\u0107; dzieli\u0107 sw\u00f3j chleb z g\u0142odnym, do domu wprowadzi\u0107 biednych tu\u0142aczy, nagiego, kt\u00f3rego ujrzysz, [&hellip;]<\/p>\n","protected":false},"author":1,"featured_media":0,"parent":0,"menu_order":0,"comment_status":"closed","ping_status":"closed","template":"","meta":{"_et_pb_use_builder":"on","_et_pb_old_content":"","_et_gb_content_width":"","footnotes":""},"class_list":["post-11","page","type-page","status-publish","hentry"],"_links":{"self":[{"href":"https:\/\/krakow.odwazni.pl\/index.php\/wp-json\/wp\/v2\/pages\/11","targetHints":{"allow":["GET"]}}],"collection":[{"href":"https:\/\/krakow.odwazni.pl\/index.php\/wp-json\/wp\/v2\/pages"}],"about":[{"href":"https:\/\/krakow.odwazni.pl\/index.php\/wp-json\/wp\/v2\/types\/page"}],"author":[{"embeddable":true,"href":"https:\/\/krakow.odwazni.pl\/index.php\/wp-json\/wp\/v2\/users\/1"}],"replies":[{"embeddable":true,"href":"https:\/\/krakow.odwazni.pl\/index.php\/wp-json\/wp\/v2\/comments?post=11"}],"version-history":[{"count":16,"href":"https:\/\/krakow.odwazni.pl\/index.php\/wp-json\/wp\/v2\/pages\/11\/revisions"}],"predecessor-version":[{"id":52,"href":"https:\/\/krakow.odwazni.pl\/index.php\/wp-json\/wp\/v2\/pages\/11\/revisions\/52"}],"wp:attachment":[{"href":"https:\/\/krakow.odwazni.pl\/index.php\/wp-json\/wp\/v2\/media?parent=11"}],"curies":[{"name":"wp","href":"https:\/\/api.w.org\/{rel}","templated":true}]}}